{"id":29294,"date":"2025-10-03T01:30:51","date_gmt":"2025-10-02T22:30:51","guid":{"rendered":"https:\/\/www.climbgeyikbayiri.com\/faq\/"},"modified":"2025-10-08T05:26:29","modified_gmt":"2025-10-08T02:26:29","slug":"faq","status":"publish","type":"page","link":"https:\/\/www.climbgeyikbayiri.com\/de\/faq\/","title":{"rendered":"FAQ"},"content":{"rendered":"\t\t<div data-elementor-type=\"wp-page\" data-elementor-id=\"29294\" class=\"elementor elementor-29294 elementor-29171\">\n\t\t\t\t<div class=\"wd-negative-gap elementor-element elementor-element-1c90c3f wd-section-stretch e-flex e-con-boxed e-con e-parent\" data-id=\"1c90c3f\" data-element_type=\"container\" data-settings=\"{&quot;background_background&quot;:&quot;classic&quot;}\">\n\t\t\t\t\t<div class=\"e-con-inner\">\n\t\t\t\t<div class=\"elementor-element elementor-element-5d57672 elementor-widget__width-initial elementor-widget-tablet__width-inherit wd-width-100 elementor-widget elementor-widget-wd_title\" data-id=\"5d57672\" data-element_type=\"widget\" data-widget_type=\"wd_title.default\">\n\t\t\t\t<div class=\"elementor-widget-container\">\n\t\t\t\t\t\t\t<div class=\"title-wrapper wd-set-mb reset-last-child wd-title-color-primary wd-title-style-default wd-title-size-large text-left\">\n\n\t\t\t\n\t\t\t<div class=\"liner-continer\">\n\t\t\t\t<h4 class=\"woodmart-title-container title wd-fontsize-xxl\">H\u00e4ufig gestellte Fragen<\/h4> \n\t\t\t\t\t\t\t<\/div>\n\n\t\t\t\t\t<\/div>\n\t\t\t\t\t\t<\/div>\n\t\t\t\t<\/div>\n\t\t\t\t\t<\/div>\n\t\t\t\t<\/div>\n\t\t<div class=\"wd-negative-gap elementor-element elementor-element-f168c0a e-flex e-con-boxed e-con e-parent\" data-id=\"f168c0a\" data-element_type=\"container\">\n\t\t\t\t\t<div class=\"e-con-inner\">\n\t\t<div class=\"elementor-element elementor-element-b67633c e-con-full e-flex e-con e-child\" data-id=\"b67633c\" data-element_type=\"container\">\n\t\t\t\t<div class=\"elementor-element elementor-element-682add6 elementor-widget elementor-widget-wd_accordion\" data-id=\"682add6\" data-element_type=\"widget\" data-widget_type=\"wd_accordion.default\">\n\t\t\t\t<div class=\"elementor-widget-container\">\n\t\t\t\t\t\n\t\t<div class=\"wd-accordion wd-style-default wd-titles-left wd-opener-pos-right wd-opener-style-arrow\" data-state=\"first\">\n\t\t\t\t\t\t\t\n\t\t\t\t<div class=\"wd-accordion-item\">\n\t\t\t\t\t<div class=\"wd-accordion-title wd-active\" data-accordion-index=\"0\">\n\t\t\t\t\t\t<div class=\"wd-accordion-title-text\">\n\t\t\t\t\t\t\t\t\t\t\t\t\t\t<span>\n\t\t\t\t\t\t\t\tWann ist die beste Jahreszeit, um in Geyikbay\u0131r\u0131 zu klettern?\t\t\t\t\t\t\t<\/span>\n\t\t\t\t\t\t<\/div>\n\t\t\t\t\t\t<span class=\"wd-accordion-opener\"><\/span>\n\t\t\t\t\t<\/div>\n\n\t\t\t\t\t<div class=\"wd-accordion-content wd-entry-content wd-active\" data-accordion-index=\"0\">\n\t\t\t\t\t\t\t\t\t\t\t\t\t\n\t\t\t\t\t\t\t<p>Die ideale Saison zum Klettern in Geyikbay\u0131r\u0131 ist von <b>September bis Juni<\/b>. Die Wintermonate sind besonders beliebt, da Geyikbay\u0131r\u0131s mildes Mittelmeerklima perfekte Bedingungen bietet, w\u00e4hrend viele andere Klettergebiete in Europa zu kalt sind. Die Monate Juli und August werden aufgrund hoher Hitze und Luftfeuchtigkeit im Allgemeinen nicht zum Klettern bevorzugt.  <\/p>\n\t\t\t\t\t\t\t\t\t\t\t\t\t\t\t\t\t\t<\/div>\n\t\t\t\t<\/div>\n\t\t\t\t\t\t\t\n\t\t\t\t<div class=\"wd-accordion-item\">\n\t\t\t\t\t<div class=\"wd-accordion-title\" data-accordion-index=\"1\">\n\t\t\t\t\t\t<div class=\"wd-accordion-title-text\">\n\t\t\t\t\t\t\t\t\t\t\t\t\t\t<span>\n\t\t\t\t\t\t\t\tWie gelange ich vom Flughafen Antalya zu Ihrer Pension?\t\t\t\t\t\t\t<\/span>\n\t\t\t\t\t\t<\/div>\n\t\t\t\t\t\t<span class=\"wd-accordion-opener\"><\/span>\n\t\t\t\t\t<\/div>\n\n\t\t\t\t\t<div class=\"wd-accordion-content wd-entry-content\" data-accordion-index=\"1\">\n\t\t\t\t\t\t\t\t\t\t\t\t\t\n\t\t\t\t\t\t\t<p>Unsere Pension liegt 37 km vom Flughafen Antalya entfernt, und die Fahrt dauert etwa 40 Minuten. Sie erreichen uns mit dem Taxi, Mietwagen oder einem Shuttle-Transfer. Wir bieten unseren G\u00e4sten auch einen <b>Flughafentransfer-Service<\/b> an.  <\/p>\n\t\t\t\t\t\t\t\t\t\t\t\t\t\t\t\t\t\t<\/div>\n\t\t\t\t<\/div>\n\t\t\t\t\t\t\t\n\t\t\t\t<div class=\"wd-accordion-item\">\n\t\t\t\t\t<div class=\"wd-accordion-title\" data-accordion-index=\"2\">\n\t\t\t\t\t\t<div class=\"wd-accordion-title-text\">\n\t\t\t\t\t\t\t\t\t\t\t\t\t\t<span>\n\t\t\t\t\t\t\t\tIch bin ein Kletteranf\u00e4nger. Ist Geyikbay\u0131r\u0131 f\u00fcr mich geeignet? Bieten Sie Kurse an?  \t\t\t\t\t\t\t<\/span>\n\t\t\t\t\t\t<\/div>\n\t\t\t\t\t\t<span class=\"wd-accordion-opener\"><\/span>\n\t\t\t\t\t<\/div>\n\n\t\t\t\t\t<div class=\"wd-accordion-content wd-entry-content\" data-accordion-index=\"2\">\n\t\t\t\t\t\t\t\t\t\t\t\t\t\n\t\t\t\t\t\t\t<p>Absolut! Mit \u00fcber 2.500 Routen f\u00fcr alle Schwierigkeitsgrade ist Geyikbay\u0131r\u0131 ein fantastischer Ort f\u00fcr Anf\u00e4nger. Wir bieten <b>\u201eAnf\u00e4ngerkurse\u201c<\/b> an, die speziell f\u00fcr Personen ohne vorherige Klettererfahrung konzipiert sind. In diesen Kursen lernen Sie grundlegende Sicherheitsaspekte, den Umgang mit der Ausr\u00fcstung, Knoten und Klettertechniken. Die gesamte notwendige Ausr\u00fcstung wird von uns gestellt.    <\/p><p> <\/p>\n\t\t\t\t\t\t\t\t\t\t\t\t\t\t\t\t\t\t<\/div>\n\t\t\t\t<\/div>\n\t\t\t\t\t\t\t\n\t\t\t\t<div class=\"wd-accordion-item\">\n\t\t\t\t\t<div class=\"wd-accordion-title\" data-accordion-index=\"3\">\n\t\t\t\t\t\t<div class=\"wd-accordion-title-text\">\n\t\t\t\t\t\t\t\t\t\t\t\t\t\t<span>\n\t\t\t\t\t\t\t\tWelche Unterkunftsm\u00f6glichkeiten bieten Sie an?\t\t\t\t\t\t\t<\/span>\n\t\t\t\t\t\t<\/div>\n\t\t\t\t\t\t<span class=\"wd-accordion-opener\"><\/span>\n\t\t\t\t\t<\/div>\n\n\t\t\t\t\t<div class=\"wd-accordion-content wd-entry-content\" data-accordion-index=\"3\">\n\t\t\t\t\t\t\t\t\t\t\t\t\t\n\t\t\t\t\t\t\t<p>Wir bieten eine Vielzahl von Unterkunftsm\u00f6glichkeiten f\u00fcr jeden Bedarf an:<\/p><ul><li><p><b>Bungalows:<\/b> Komfortable Unterkunft f\u00fcr 2-4 Personen, mit eigenem Bad und Veranda.<\/p><\/li><li><p><b>Zeltplatz:<\/b> Eine kosteng\u00fcnstige Option, bei der Sie Ihr eigenes Zelt aufschlagen k\u00f6nnen.<\/p><\/li><li><p><b>Mietzelte:<\/b> Fertig aufgebaute Zelte, ausgestattet mit Matratze, Isomatte und sauberer Bettw\u00e4sche f\u00fcr diejenigen, die keine eigene Ausr\u00fcstung haben.<\/p><\/li><li><p><b>Wohnmobil-Stellpl\u00e4tze:<\/b> Stellpl\u00e4tze mit Zugang zu Wasser und Strom f\u00fcr Ihr Wohnmobil.<\/p><\/li><\/ul>\n\t\t\t\t\t\t\t\t\t\t\t\t\t\t\t\t\t\t<\/div>\n\t\t\t\t<\/div>\n\t\t\t\t\t\t\t\n\t\t\t\t<div class=\"wd-accordion-item\">\n\t\t\t\t\t<div class=\"wd-accordion-title\" data-accordion-index=\"4\">\n\t\t\t\t\t\t<div class=\"wd-accordion-title-text\">\n\t\t\t\t\t\t\t\t\t\t\t\t\t\t<span>\n\t\t\t\t\t\t\t\tSind die Klettersektoren von Ihrer Pension aus zu Fu\u00df erreichbar? Muss ich ein Auto mieten? \t\t\t\t\t\t\t<\/span>\n\t\t\t\t\t\t<\/div>\n\t\t\t\t\t\t<span class=\"wd-accordion-opener\"><\/span>\n\t\t\t\t\t<\/div>\n\n\t\t\t\t\t<div class=\"wd-accordion-content wd-entry-content\" data-accordion-index=\"4\">\n\t\t\t\t\t\t\t\t\t\t\t\t\t\n\t\t\t\t\t\t\t<p>Ja, das ist einer unserer gr\u00f6\u00dften Vorteile! Unsere Pension liegt direkt im Herzen des Klettergebiets, und die meisten beliebten Sektoren sind nur <b>5 bis 20 Gehminuten entfernt<\/b>. Sie ben\u00f6tigen kein Auto zum Klettern. Ein Mietwagen kann Ihnen jedoch Flexibilit\u00e4t bieten, um die Umgebung an Ihren Ruhetagen zu erkunden.   <\/p>\n\t\t\t\t\t\t\t\t\t\t\t\t\t\t\t\t\t\t<\/div>\n\t\t\t\t<\/div>\n\t\t\t\t\t\t\t\n\t\t\t\t<div class=\"wd-accordion-item\">\n\t\t\t\t\t<div class=\"wd-accordion-title\" data-accordion-index=\"5\">\n\t\t\t\t\t\t<div class=\"wd-accordion-title-text\">\n\t\t\t\t\t\t\t\t\t\t\t\t\t\t<span>\n\t\t\t\t\t\t\t\tWelche Gemeinschaftseinrichtungen stehen den G\u00e4sten zur Verf\u00fcgung?\t\t\t\t\t\t\t<\/span>\n\t\t\t\t\t\t<\/div>\n\t\t\t\t\t\t<span class=\"wd-accordion-opener\"><\/span>\n\t\t\t\t\t<\/div>\n\n\t\t\t\t\t<div class=\"wd-accordion-content wd-entry-content\" data-accordion-index=\"5\">\n\t\t\t\t\t\t\t\t\t\t\t\t\t\n\t\t\t\t\t\t\t<p>Wir stellen allen unseren G\u00e4sten die folgenden Einrichtungen zur Verf\u00fcgung:<\/p><ul><li>Eine Gemeinschaftsk\u00fcche und ein Essbereich<\/li><li>Warme Duschen und saubere B\u00e4der<\/li><li>Kostenloses WLAN<\/li><li>Ein entspannender Garten und Sitzbereiche<\/li><li>W\u00e4scheservice<\/li><\/ul>\n\t\t\t\t\t\t\t\t\t\t\t\t\t\t\t\t\t\t<\/div>\n\t\t\t\t<\/div>\n\t\t\t\t\t\t\t\n\t\t\t\t<div class=\"wd-accordion-item\">\n\t\t\t\t\t<div class=\"wd-accordion-title\" data-accordion-index=\"6\">\n\t\t\t\t\t\t<div class=\"wd-accordion-title-text\">\n\t\t\t\t\t\t\t\t\t\t\t\t\t\t<span>\n\t\t\t\t\t\t\t\tWie kann ich eine Reservierung vornehmen und wie lauten die Stornierungsbedingungen?\t\t\t\t\t\t\t<\/span>\n\t\t\t\t\t\t<\/div>\n\t\t\t\t\t\t<span class=\"wd-accordion-opener\"><\/span>\n\t\t\t\t\t<\/div>\n\n\t\t\t\t\t<div class=\"wd-accordion-content wd-entry-content\" data-accordion-index=\"6\">\n\t\t\t\t\t\t\t\t\t\t\t\t\t\n\t\t\t\t\t\t\t<p>Sie k\u00f6nnen eine Reservierung per <b>email, WhatsApp oder Telegram<\/b> vornehmen. Wir empfehlen, besonders in der Hochsaison (Oktober \u2013 Mai) im Voraus zu buchen. Eine Anzahlung von 20 % des Gesamtbetrags ist zur Best\u00e4tigung der Reservierung erforderlich. Bei Stornierungen, die mindestens 7 Tage vor Ihrem Ankunftsdatum erfolgen, wird Ihre Anzahlung vollst\u00e4ndig zur\u00fcckerstattet.   <\/p>\n\t\t\t\t\t\t\t\t\t\t\t\t\t\t\t\t\t\t<\/div>\n\t\t\t\t<\/div>\n\t\t\t\t\t\t\t\n\t\t\t\t<div class=\"wd-accordion-item\">\n\t\t\t\t\t<div class=\"wd-accordion-title\" data-accordion-index=\"7\">\n\t\t\t\t\t\t<div class=\"wd-accordion-title-text\">\n\t\t\t\t\t\t\t\t\t\t\t\t\t\t<span>\n\t\t\t\t\t\t\t\tKann ich Kletterausr\u00fcstung mieten?\t\t\t\t\t\t\t<\/span>\n\t\t\t\t\t\t<\/div>\n\t\t\t\t\t\t<span class=\"wd-accordion-opener\"><\/span>\n\t\t\t\t\t<\/div>\n\n\t\t\t\t\t<div class=\"wd-accordion-content wd-entry-content\" data-accordion-index=\"7\">\n\t\t\t\t\t\t\t\t\t\t\t\t\t\n\t\t\t\t\t\t\t<p>Ja. Wir stellen die gesamte notwendige Kletterausr\u00fcstung \u2013 wie Helme, Gurte, Seile und Karabiner \u2013 f\u00fcr G\u00e4ste zur Verf\u00fcgung, die an unseren Kletterkursen teilnehmen. Mietoptionen sind auch f\u00fcr andere G\u00e4ste verf\u00fcgbar, die keine eigene Ausr\u00fcstung haben.  <\/p>\n\t\t\t\t\t\t\t\t\t\t\t\t\t\t\t\t\t\t<\/div>\n\t\t\t\t<\/div>\n\t\t\t\t\t\t\t\n\t\t\t\t<div class=\"wd-accordion-item\">\n\t\t\t\t\t<div class=\"wd-accordion-title\" data-accordion-index=\"8\">\n\t\t\t\t\t\t<div class=\"wd-accordion-title-text\">\n\t\t\t\t\t\t\t\t\t\t\t\t\t\t<span>\n\t\t\t\t\t\t\t\tWas kann man in der Umgebung an Ruhetagen unternehmen?\t\t\t\t\t\t\t<\/span>\n\t\t\t\t\t\t<\/div>\n\t\t\t\t\t\t<span class=\"wd-accordion-opener\"><\/span>\n\t\t\t\t\t<\/div>\n\n\t\t\t\t\t<div class=\"wd-accordion-content wd-entry-content\" data-accordion-index=\"8\">\n\t\t\t\t\t\t\t\t\t\t\t\t\t\n\t\t\t\t\t\t\t<p>Es gibt viele Aktivit\u00e4ten, die Sie an Ihren Ruhetagen genie\u00dfen k\u00f6nnen. Sie k\u00f6nnen das Stadtzentrum von Antalya und seine historische <b>Altstadt (Kalei\u00e7i)<\/b> besuchen, eine kurze Fahrt unternehmen, um am <b>Konyaalt\u0131 Strand<\/b> zu schwimmen, antike St\u00e4tten wie die <b>antike Stadt Termessos<\/b> erkunden oder eine Wanderung in den Ausl\u00e4ufern des Taurusgebirges unternehmen. <\/p>\n\t\t\t\t\t\t\t\t\t\t\t\t\t\t\t\t\t\t<\/div>\n\t\t\t\t<\/div>\n\t\t\t\t\t\t\t\n\t\t\t\t<div class=\"wd-accordion-item\">\n\t\t\t\t\t<div class=\"wd-accordion-title\" data-accordion-index=\"9\">\n\t\t\t\t\t\t<div class=\"wd-accordion-title-text\">\n\t\t\t\t\t\t\t\t\t\t\t\t\t\t<span>\n\t\t\t\t\t\t\t\tHaben Sie Wi-Fi, und wie sind die \u00d6ffnungszeiten der Rezeption?\t\t\t\t\t\t\t<\/span>\n\t\t\t\t\t\t<\/div>\n\t\t\t\t\t\t<span class=\"wd-accordion-opener\"><\/span>\n\t\t\t\t\t<\/div>\n\n\t\t\t\t\t<div class=\"wd-accordion-content wd-entry-content\" data-accordion-index=\"9\">\n\t\t\t\t\t\t\t\t\t\t\t\t\t\n\t\t\t\t\t\t\t<div id=\"chat-history\" class=\"chat-history-scroll-container\"><div id=\"900e4a74070e6e1d\" class=\"conversation-container message-actions-hover-boundary ng-star-inserted\"><div><div class=\"response-container ng-tns-c416545881-23 response-container-with-gpi ng-star-inserted response-container-has-multiple-responses\" data-hveid=\"1\"><div class=\"presented-response-container ng-tns-c416545881-23\"><div class=\"response-container-content ng-tns-c416545881-23 has-thoughts\"><div class=\"response-content ng-tns-c416545881-23\"><div id=\"model-response-message-contentr_900e4a74070e6e1d\" class=\"markdown markdown-main-panel stronger enable-updated-hr-color\" dir=\"ltr\"><p>Ja, wir bieten allen unseren G\u00e4sten <b>kostenloses Wi-Fi<\/b> an. Unsere Rezeption ist von <b>08:00 Uhr morgens bis 22:00 Uhr<\/b> abends ge\u00f6ffnet. <\/p><\/div><\/div><\/div><\/div><\/div><\/div><\/div><\/div>\n\t\t\t\t\t\t\t\t\t\t\t\t\t\t\t\t\t\t<\/div>\n\t\t\t\t<\/div>\n\t\t\t\t\t<\/div>\n\t\t\t\t\t\t<\/div>\n\t\t\t\t<\/div>\n\t\t\t\t<\/div>\n\t\t\t\t\t<\/div>\n\t\t\t\t<\/div>\n\t\t\t\t<\/div>\n\t\t","protected":false},"excerpt":{"rendered":"<p>H\u00e4ufig gestellte Fragen Wann ist die beste Jahreszeit, um in Geyikbay\u0131r\u0131 zu klettern? Die ideale Saison zum Klettern in Geyikbay\u0131r\u0131<\/p>\n","protected":false},"author":1,"featured_media":0,"parent":0,"menu_order":0,"comment_status":"closed","ping_status":"closed","template":"elementor_header_footer","meta":{"footnotes":""},"class_list":["post-29294","page","type-page","status-publish","hentry"],"_links":{"self":[{"href":"https:\/\/www.climbgeyikbayiri.com\/de\/wp-json\/wp\/v2\/pages\/29294","targetHints":{"allow":["GET"]}}],"collection":[{"href":"https:\/\/www.climbgeyikbayiri.com\/de\/wp-json\/wp\/v2\/pages"}],"about":[{"href":"https:\/\/www.climbgeyikbayiri.com\/de\/wp-json\/wp\/v2\/types\/page"}],"author":[{"embeddable":true,"href":"https:\/\/www.climbgeyikbayiri.com\/de\/wp-json\/wp\/v2\/users\/1"}],"replies":[{"embeddable":true,"href":"https:\/\/www.climbgeyikbayiri.com\/de\/wp-json\/wp\/v2\/comments?post=29294"}],"version-history":[{"count":3,"href":"https:\/\/www.climbgeyikbayiri.com\/de\/wp-json\/wp\/v2\/pages\/29294\/revisions"}],"predecessor-version":[{"id":29297,"href":"https:\/\/www.climbgeyikbayiri.com\/de\/wp-json\/wp\/v2\/pages\/29294\/revisions\/29297"}],"wp:attachment":[{"href":"https:\/\/www.climbgeyikbayiri.com\/de\/wp-json\/wp\/v2\/media?parent=29294"}],"curies":[{"name":"wp","href":"https:\/\/api.w.org\/{rel}","templated":true}]}}